{"id":16762,"date":"2026-04-23T11:56:05","date_gmt":"2026-04-23T11:56:05","guid":{"rendered":"https:\/\/ifergangallery.com\/?post_type=product&#038;p=16762"},"modified":"2026-04-23T11:56:05","modified_gmt":"2026-04-23T11:56:05","slug":"figura-egipcia-de-bronce-del-dios-osiris-periodo-tardio-664-332-a-c","status":"publish","type":"product","link":"https:\/\/ifergangallery.com\/es\/piece\/figura-egipcia-de-bronce-del-dios-osiris-periodo-tardio-664-332-a-c\/","title":{"rendered":"Figura egipcia de bronce del dios Osiris, Periodo Tard\u00edo, 664-332 a.C."},"content":{"rendered":"<p style=\"text-align: justify;\">La pieza representa a\u00a0<strong>Osiris<\/strong>, el se\u00f1or de la Duat (inframundo), con sus atributos can\u00f3nicos. Porta la\u00a0<strong>Corona Atef<\/strong>\u00a0(combinaci\u00f3n de la corona blanca del Alto Egipto con plumas de avestruz laterales). Su rostro presenta la\u00a0<strong>barba postiza<\/strong>\u00a0trenzada, s\u00edmbolo de divinidad y realeza. El cuerpo aparece momiforme (envuelto como una momia), destacando solo los brazos cruzados sobre el pecho. En sus manos cerradas sostiene el\u00a0<strong>Heka<\/strong>\u00a0(cetro o cayado) y el\u00a0<strong>Nekhakha<\/strong>\u00a0(flagelo o l\u00e1tigo), s\u00edmbolos del mando y la fertilidad.<\/p>\n<p style=\"text-align: justify;\">Osiris simboliza la resurrecci\u00f3n y el ciclo de la regeneraci\u00f3n. Durante el Periodo Tard\u00edo y el periodo ptolemaico, su culto se extendi\u00f3 ampliamente, lo que explica el gran n\u00famero de figurillas de bronce de este tipo halladas en escondites o favissae dentro de los templos.<\/p>\n<p style=\"text-align: justify;\">El Periodo Tard\u00edo (664-332 a. C.) supuso el \u00faltimo gran renacimiento del arte y la identidad nacional frente a la creciente influencia extranjera. Durante este periodo, el culto a Osiris se convirti\u00f3 en el eje central de la piedad popular, lo que dio lugar a la producci\u00f3n de obras de bronce t\u00e9cnicamente sofisticadas mediante la t\u00e9cnica de la cera perdida. Estas figuras se colocaban en los templos como ofrendas votivas, sirviendo de v\u00ednculo eterno entre el devoto y el dios para garantizar la protecci\u00f3n divina y el triunfo sobre la muerte.<\/p>\n<p style=\"text-align: justify;\"><strong>Jules Baillet (1864\u20131953).<\/strong> Fue un\u00a0egipt\u00f3logo profesional de gran prestigio\u00a0y miembro destacado de la escuela francesa de egiptolog\u00eda de finales del siglo XIX y principios del XX. \u00a0Fue alumno de\u00a0Gaston Maspero, uno de los padres de la egiptolog\u00eda moderna. Form\u00f3 parte del prestigioso\u00a0Instituto Franc\u00e9s de Arqueolog\u00eda Oriental (IFAO)\u00a0en El Cairo, una de las instituciones m\u00e1s importantes del mundo en la materia. Baillet es c\u00e9lebre por su monumental trabajo en la documentaci\u00f3n de\u00a0grafitis antiguos\u00a0en el Valle de los Reyes. Su obra\u00a0<em>&#8220;Inscriptions grecques et latines des tombeaux des rois ou Syringes&#8221;<\/em>\u00a0(publicada en 1926) sigue siendo una referencia obligatoria para entender c\u00f3mo los turistas griegos y romanos ve\u00edan el antiguo Egipto hace 2,000 a\u00f1os. Fue conservador en el\u00a0Museo de Vannes\u00a0(Francia), donde organiz\u00f3 y catalog\u00f3 importantes colecciones de antig\u00fcedades egipcias.<\/p>","protected":false},"excerpt":{"rendered":"<p>La pieza representa a\u00a0Osiris, el se\u00f1or de la Duat (inframundo), con sus atributos can\u00f3nicos. Porta la\u00a0Corona Atef\u00a0(combinaci\u00f3n de la corona blanca del Alto Egipto con plumas de avestruz laterales). Su rostro presenta la\u00a0barba postiza\u00a0trenzada, s\u00edmbolo de divinidad y realeza. El cuerpo aparece momiforme (envuelto como una momia), destacando solo los brazos cruzados sobre el pecho. &hellip;<\/p>\n<p class=\"read-more\"> <a class=\"\" href=\"https:\/\/ifergangallery.com\/es\/piece\/figura-egipcia-de-bronce-del-dios-osiris-periodo-tardio-664-332-a-c\/\"> <span class=\"screen-reader-text\">Figura egipcia de bronce del dios Osiris, Periodo Tard\u00edo, 664-332 a.C.<\/span> Leer m\u00e1s &raquo;<\/a><\/p>","protected":false},"featured_media":16764,"comment_status":"closed","ping_status":"closed","template":"","meta":{"spay_email":""},"product_cat":[110,499],"product_tag":[798],"yoast_head":"<!-- This site is optimized with the Yoast SEO Premium plugin v17.6 (Yoast SEO v17.6) - https:\/\/yoast.com\/wordpress\/plugins\/seo\/ -->\n<title>Figura egipcia de bronce del dios Osiris, Periodo Tard\u00edo, 664-332 a.C. &ndash; Ifergan Gallery<\/title>\n<meta name=\"robots\" content=\"index, follow, max-snippet:-1, max-image-preview:large, max-video-preview:-1\" \/>\n<link rel=\"canonical\" href=\"https:\/\/ifergangallery.com\/es\/piece\/figura-egipcia-de-bronce-del-dios-osiris-periodo-tardio-664-332-a-c\/\" \/>\n<meta property=\"og:locale\" content=\"es_ES\" \/>\n<meta property=\"og:type\" content=\"article\" \/>\n<meta property=\"og:title\" content=\"Figura egipcia de bronce del dios Osiris, Periodo Tard\u00edo, 664-332 a.C.\" \/>\n<meta property=\"og:description\" content=\"La pieza representa a\u00a0Osiris, el se\u00f1or de la Duat (inframundo), con sus atributos can\u00f3nicos. Porta la\u00a0Corona Atef\u00a0(combinaci\u00f3n de la corona blanca del Alto Egipto con plumas de avestruz laterales). Su rostro presenta la\u00a0barba postiza\u00a0trenzada, s\u00edmbolo de divinidad y realeza. El cuerpo aparece momiforme (envuelto como una momia), destacando solo los brazos cruzados sobre el pecho. &hellip; Figura egipcia de bronce del dios Osiris, Periodo Tard\u00edo, 664-332 a.C. Leer m\u00e1s &raquo;\" \/>\n<meta property=\"og:url\" content=\"https:\/\/ifergangallery.com\/es\/piece\/figura-egipcia-de-bronce-del-dios-osiris-periodo-tardio-664-332-a-c\/\" \/>\n<meta property=\"og:site_name\" content=\"Ifergan Gallery\" \/>\n<meta property=\"article:publisher\" content=\"https:\/\/www.facebook.com\/Ifergancollectionmalaga\" \/>\n<meta property=\"og:image\" content=\"https:\/\/ifergangallery.com\/wp-content\/uploads\/2026\/04\/adj001-3.jpg\" \/>\n\t<meta property=\"og:image:width\" content=\"2048\" \/>\n\t<meta property=\"og:image:height\" content=\"2048\" \/>\n<meta name=\"twitter:card\" content=\"summary_large_image\" \/>\n<meta name=\"twitter:site\" content=\"@Ifergangallery\" \/>\n<meta name=\"twitter:label1\" content=\"Tiempo de lectura\" \/>\n\t<meta name=\"twitter:data1\" content=\"2 minutos\" \/>\n<script type=\"application\/ld+json\" class=\"yoast-schema-graph\">{\"@context\":\"https:\/\/schema.org\",\"@graph\":[{\"@type\":\"Organization\",\"@id\":\"https:\/\/ifergangallery.com\/#organization\",\"name\":\"Ifergan Gallery\",\"url\":\"https:\/\/ifergangallery.com\/\",\"sameAs\":[\"https:\/\/www.facebook.com\/Ifergancollectionmalaga\",\"https:\/\/www.instagram.com\/ifergangallery\/\",\"https:\/\/www.youtube.com\/channel\/UC2O2zZ9BJKhbUFOnu_5mE3g\",\"https:\/\/twitter.com\/Ifergangallery\"],\"logo\":{\"@type\":\"ImageObject\",\"@id\":\"https:\/\/ifergangallery.com\/#logo\",\"inLanguage\":\"es\",\"url\":\"https:\/\/ifergangallery.com\/wp-content\/uploads\/2021\/09\/Imagotipo_blanco-e1637271379231.png\",\"contentUrl\":\"https:\/\/ifergangallery.com\/wp-content\/uploads\/2021\/09\/Imagotipo_blanco-e1637271379231.png\",\"width\":1920,\"height\":1065,\"caption\":\"Ifergan Gallery\"},\"image\":{\"@id\":\"https:\/\/ifergangallery.com\/#logo\"}},{\"@type\":\"WebSite\",\"@id\":\"https:\/\/ifergangallery.com\/#website\",\"url\":\"https:\/\/ifergangallery.com\/\",\"name\":\"Ifergan Gallery\",\"description\":\"Ancient Art Gallery\",\"publisher\":{\"@id\":\"https:\/\/ifergangallery.com\/#organization\"},\"potentialAction\":[{\"@type\":\"SearchAction\",\"target\":{\"@type\":\"EntryPoint\",\"urlTemplate\":\"https:\/\/ifergangallery.com\/?s={search_term_string}\"},\"query-input\":\"required name=search_term_string\"}],\"inLanguage\":\"es\"},{\"@type\":\"ImageObject\",\"@id\":\"https:\/\/ifergangallery.com\/es\/piece\/figura-egipcia-de-bronce-del-dios-osiris-periodo-tardio-664-332-a-c\/#primaryimage\",\"inLanguage\":\"es\",\"url\":\"https:\/\/ifergangallery.com\/wp-content\/uploads\/2026\/04\/adj001-3.jpg\",\"contentUrl\":\"https:\/\/ifergangallery.com\/wp-content\/uploads\/2026\/04\/adj001-3.jpg\",\"width\":2048,\"height\":2048},{\"@type\":\"WebPage\",\"@id\":\"https:\/\/ifergangallery.com\/es\/piece\/figura-egipcia-de-bronce-del-dios-osiris-periodo-tardio-664-332-a-c\/#webpage\",\"url\":\"https:\/\/ifergangallery.com\/es\/piece\/figura-egipcia-de-bronce-del-dios-osiris-periodo-tardio-664-332-a-c\/\",\"name\":\"Figura egipcia de bronce del dios Osiris, Periodo Tard\\u00edo, 664-332 a.C. &ndash; Ifergan Gallery\",\"isPartOf\":{\"@id\":\"https:\/\/ifergangallery.com\/#website\"},\"primaryImageOfPage\":{\"@id\":\"https:\/\/ifergangallery.com\/es\/piece\/figura-egipcia-de-bronce-del-dios-osiris-periodo-tardio-664-332-a-c\/#primaryimage\"},\"datePublished\":\"2026-04-23T11:56:05+00:00\",\"dateModified\":\"2026-04-23T11:56:05+00:00\",\"breadcrumb\":{\"@id\":\"https:\/\/ifergangallery.com\/es\/piece\/figura-egipcia-de-bronce-del-dios-osiris-periodo-tardio-664-332-a-c\/#breadcrumb\"},\"inLanguage\":\"es\",\"potentialAction\":[{\"@type\":\"ReadAction\",\"target\":[\"https:\/\/ifergangallery.com\/es\/piece\/figura-egipcia-de-bronce-del-dios-osiris-periodo-tardio-664-332-a-c\/\"]}]},{\"@type\":\"BreadcrumbList\",\"@id\":\"https:\/\/ifergangallery.com\/es\/piece\/figura-egipcia-de-bronce-del-dios-osiris-periodo-tardio-664-332-a-c\/#breadcrumb\",\"itemListElement\":[{\"@type\":\"ListItem\",\"position\":1,\"name\":\"Home\",\"item\":\"https:\/\/ifergangallery.com\/es\/\"},{\"@type\":\"ListItem\",\"position\":2,\"name\":\"Works of art\",\"item\":\"https:\/\/ifergangallery.com\/es\/works_of_art\/\"},{\"@type\":\"ListItem\",\"position\":3,\"name\":\"Figura egipcia de bronce del dios Osiris, Periodo Tard\\u00edo, 664-332 a.C.\"}]}]}<\/script>\n<!-- \/ Yoast SEO Premium plugin. -->","yoast_head_json":{"title":"Figura egipcia de bronce del dios Osiris, Periodo Tard\u00edo, 664-332 a.C. &ndash; Ifergan Gallery","robots":{"index":"index","follow":"follow","max-snippet":"max-snippet:-1","max-image-preview":"max-image-preview:large","max-video-preview":"max-video-preview:-1"},"canonical":"https:\/\/ifergangallery.com\/es\/piece\/figura-egipcia-de-bronce-del-dios-osiris-periodo-tardio-664-332-a-c\/","og_locale":"es_ES","og_type":"article","og_title":"Figura egipcia de bronce del dios Osiris, Periodo Tard\u00edo, 664-332 a.C.","og_description":"La pieza representa a\u00a0Osiris, el se\u00f1or de la Duat (inframundo), con sus atributos can\u00f3nicos. Porta la\u00a0Corona Atef\u00a0(combinaci\u00f3n de la corona blanca del Alto Egipto con plumas de avestruz laterales). Su rostro presenta la\u00a0barba postiza\u00a0trenzada, s\u00edmbolo de divinidad y realeza. El cuerpo aparece momiforme (envuelto como una momia), destacando solo los brazos cruzados sobre el pecho. &hellip; Figura egipcia de bronce del dios Osiris, Periodo Tard\u00edo, 664-332 a.C. Leer m\u00e1s &raquo;","og_url":"https:\/\/ifergangallery.com\/es\/piece\/figura-egipcia-de-bronce-del-dios-osiris-periodo-tardio-664-332-a-c\/","og_site_name":"Ifergan Gallery","article_publisher":"https:\/\/www.facebook.com\/Ifergancollectionmalaga","og_image":[{"width":2048,"height":2048,"url":"https:\/\/ifergangallery.com\/wp-content\/uploads\/2026\/04\/adj001-3.jpg","type":"image\/jpeg"}],"twitter_card":"summary_large_image","twitter_site":"@Ifergangallery","twitter_misc":{"Tiempo de lectura":"2 minutos"},"schema":{"@context":"https:\/\/schema.org","@graph":[{"@type":"Organization","@id":"https:\/\/ifergangallery.com\/#organization","name":"Ifergan Gallery","url":"https:\/\/ifergangallery.com\/","sameAs":["https:\/\/www.facebook.com\/Ifergancollectionmalaga","https:\/\/www.instagram.com\/ifergangallery\/","https:\/\/www.youtube.com\/channel\/UC2O2zZ9BJKhbUFOnu_5mE3g","https:\/\/twitter.com\/Ifergangallery"],"logo":{"@type":"ImageObject","@id":"https:\/\/ifergangallery.com\/#logo","inLanguage":"es","url":"https:\/\/ifergangallery.com\/wp-content\/uploads\/2021\/09\/Imagotipo_blanco-e1637271379231.png","contentUrl":"https:\/\/ifergangallery.com\/wp-content\/uploads\/2021\/09\/Imagotipo_blanco-e1637271379231.png","width":1920,"height":1065,"caption":"Ifergan Gallery"},"image":{"@id":"https:\/\/ifergangallery.com\/#logo"}},{"@type":"WebSite","@id":"https:\/\/ifergangallery.com\/#website","url":"https:\/\/ifergangallery.com\/","name":"Ifergan Gallery","description":"Ancient Art Gallery","publisher":{"@id":"https:\/\/ifergangallery.com\/#organization"},"potentialAction":[{"@type":"SearchAction","target":{"@type":"EntryPoint","urlTemplate":"https:\/\/ifergangallery.com\/?s={search_term_string}"},"query-input":"required name=search_term_string"}],"inLanguage":"es"},{"@type":"ImageObject","@id":"https:\/\/ifergangallery.com\/es\/piece\/figura-egipcia-de-bronce-del-dios-osiris-periodo-tardio-664-332-a-c\/#primaryimage","inLanguage":"es","url":"https:\/\/ifergangallery.com\/wp-content\/uploads\/2026\/04\/adj001-3.jpg","contentUrl":"https:\/\/ifergangallery.com\/wp-content\/uploads\/2026\/04\/adj001-3.jpg","width":2048,"height":2048},{"@type":"WebPage","@id":"https:\/\/ifergangallery.com\/es\/piece\/figura-egipcia-de-bronce-del-dios-osiris-periodo-tardio-664-332-a-c\/#webpage","url":"https:\/\/ifergangallery.com\/es\/piece\/figura-egipcia-de-bronce-del-dios-osiris-periodo-tardio-664-332-a-c\/","name":"Figura egipcia de bronce del dios Osiris, Periodo Tard\u00edo, 664-332 a.C. &ndash; Ifergan Gallery","isPartOf":{"@id":"https:\/\/ifergangallery.com\/#website"},"primaryImageOfPage":{"@id":"https:\/\/ifergangallery.com\/es\/piece\/figura-egipcia-de-bronce-del-dios-osiris-periodo-tardio-664-332-a-c\/#primaryimage"},"datePublished":"2026-04-23T11:56:05+00:00","dateModified":"2026-04-23T11:56:05+00:00","breadcrumb":{"@id":"https:\/\/ifergangallery.com\/es\/piece\/figura-egipcia-de-bronce-del-dios-osiris-periodo-tardio-664-332-a-c\/#breadcrumb"},"inLanguage":"es","potentialAction":[{"@type":"ReadAction","target":["https:\/\/ifergangallery.com\/es\/piece\/figura-egipcia-de-bronce-del-dios-osiris-periodo-tardio-664-332-a-c\/"]}]},{"@type":"BreadcrumbList","@id":"https:\/\/ifergangallery.com\/es\/piece\/figura-egipcia-de-bronce-del-dios-osiris-periodo-tardio-664-332-a-c\/#breadcrumb","itemListElement":[{"@type":"ListItem","position":1,"name":"Home","item":"https:\/\/ifergangallery.com\/es\/"},{"@type":"ListItem","position":2,"name":"Works of art","item":"https:\/\/ifergangallery.com\/es\/works_of_art\/"},{"@type":"ListItem","position":3,"name":"Figura egipcia de bronce del dios Osiris, Periodo Tard\u00edo, 664-332 a.C."}]}]}},"_links":{"self":[{"href":"https:\/\/ifergangallery.com\/es\/wp-json\/wp\/v2\/product\/16762"}],"collection":[{"href":"https:\/\/ifergangallery.com\/es\/wp-json\/wp\/v2\/product"}],"about":[{"href":"https:\/\/ifergangallery.com\/es\/wp-json\/wp\/v2\/types\/product"}],"replies":[{"embeddable":true,"href":"https:\/\/ifergangallery.com\/es\/wp-json\/wp\/v2\/comments?post=16762"}],"wp:featuredmedia":[{"embeddable":true,"href":"https:\/\/ifergangallery.com\/es\/wp-json\/wp\/v2\/media\/16764"}],"wp:attachment":[{"href":"https:\/\/ifergangallery.com\/es\/wp-json\/wp\/v2\/media?parent=16762"}],"wp:term":[{"taxonomy":"product_cat","embeddable":true,"href":"https:\/\/ifergangallery.com\/es\/wp-json\/wp\/v2\/product_cat?post=16762"},{"taxonomy":"product_tag","embeddable":true,"href":"https:\/\/ifergangallery.com\/es\/wp-json\/wp\/v2\/product_tag?post=16762"}],"curies":[{"name":"wp","href":"https:\/\/api.w.org\/{rel}","templated":true}]}}